{"id":261,"date":"2017-04-02T17:11:53","date_gmt":"2017-04-02T17:11:53","guid":{"rendered":"http:\/\/vergissmeinnicht-bitterfeld.de\/?page_id=261"},"modified":"2026-02-16T10:46:17","modified_gmt":"2026-02-16T10:46:17","slug":"vereins-und-wohngebietsgaststaette","status":"publish","type":"page","link":"https:\/\/vergissmeinnicht-bitterfeld.de\/?page_id=261","title":{"rendered":"Vereinsgastst\u00e4tte"},"content":{"rendered":"<p>Wir vermieten unser Vereinshaus f\u00fcr Veranstaltungen mit bis zu 60 Personen. Bei uns kann man eigentlich alles feiern: Geburtstag, Einschulung, Jugendweihe, Konfirmation, Hochzeit und vieles andere mehr.<\/p>\n<p><a href=\"https:\/\/vergissmeinnicht-bitterfeld.de\/wp-content\/uploads\/2023\/02\/saal1-scaled.jpg\"><img loading=\"lazy\" decoding=\"async\" class=\"wp-image-1223 aligncenter\" src=\"https:\/\/vergissmeinnicht-bitterfeld.de\/wp-content\/uploads\/2023\/02\/saal1-300x169.jpg\" alt=\"\" width=\"387\" height=\"218\" srcset=\"https:\/\/vergissmeinnicht-bitterfeld.de\/wp-content\/uploads\/2023\/02\/saal1-300x169.jpg 300w, https:\/\/vergissmeinnicht-bitterfeld.de\/wp-content\/uploads\/2023\/02\/saal1-1024x577.jpg 1024w, https:\/\/vergissmeinnicht-bitterfeld.de\/wp-content\/uploads\/2023\/02\/saal1-768x432.jpg 768w, https:\/\/vergissmeinnicht-bitterfeld.de\/wp-content\/uploads\/2023\/02\/saal1-1536x865.jpg 1536w, https:\/\/vergissmeinnicht-bitterfeld.de\/wp-content\/uploads\/2023\/02\/saal1-2048x1153.jpg 2048w\" sizes=\"(max-width: 387px) 100vw, 387px\" \/><\/a><\/p>\n<p><span style=\"font-family: arial, helvetica, sans-serif;\"><strong><span style=\"font-size: 12pt;\"> <a href=\"https:\/\/vergissmeinnicht-bitterfeld.de\/wp-content\/uploads\/2023\/02\/saal2-scaled.jpg\"><img loading=\"lazy\" decoding=\"async\" class=\"wp-image-1224 aligncenter\" src=\"https:\/\/vergissmeinnicht-bitterfeld.de\/wp-content\/uploads\/2023\/02\/saal2-300x169.jpg\" alt=\"\" width=\"394\" height=\"222\" srcset=\"https:\/\/vergissmeinnicht-bitterfeld.de\/wp-content\/uploads\/2023\/02\/saal2-300x169.jpg 300w, https:\/\/vergissmeinnicht-bitterfeld.de\/wp-content\/uploads\/2023\/02\/saal2-1024x577.jpg 1024w, https:\/\/vergissmeinnicht-bitterfeld.de\/wp-content\/uploads\/2023\/02\/saal2-768x432.jpg 768w, https:\/\/vergissmeinnicht-bitterfeld.de\/wp-content\/uploads\/2023\/02\/saal2-1536x865.jpg 1536w, https:\/\/vergissmeinnicht-bitterfeld.de\/wp-content\/uploads\/2023\/02\/saal2-2048x1153.jpg 2048w\" sizes=\"(max-width: 394px) 100vw, 394px\" \/><\/a><\/span><\/strong><\/span><\/p>\n<p><a href=\"https:\/\/vergissmeinnicht-bitterfeld.de\/wp-content\/uploads\/2023\/02\/saal3-scaled.jpg\"><img loading=\"lazy\" decoding=\"async\" class=\"size-medium wp-image-1225 aligncenter\" src=\"https:\/\/vergissmeinnicht-bitterfeld.de\/wp-content\/uploads\/2023\/02\/saal3-169x300.jpg\" alt=\"\" width=\"169\" height=\"300\" srcset=\"https:\/\/vergissmeinnicht-bitterfeld.de\/wp-content\/uploads\/2023\/02\/saal3-169x300.jpg 169w, https:\/\/vergissmeinnicht-bitterfeld.de\/wp-content\/uploads\/2023\/02\/saal3-577x1024.jpg 577w, https:\/\/vergissmeinnicht-bitterfeld.de\/wp-content\/uploads\/2023\/02\/saal3-768x1364.jpg 768w, https:\/\/vergissmeinnicht-bitterfeld.de\/wp-content\/uploads\/2023\/02\/saal3-865x1536.jpg 865w, https:\/\/vergissmeinnicht-bitterfeld.de\/wp-content\/uploads\/2023\/02\/saal3-1153x2048.jpg 1153w, https:\/\/vergissmeinnicht-bitterfeld.de\/wp-content\/uploads\/2023\/02\/saal3-scaled.jpg 1442w\" sizes=\"(max-width: 169px) 100vw, 169px\" \/><\/a> <a href=\"https:\/\/vergissmeinnicht-bitterfeld.de\/wp-content\/uploads\/2023\/02\/saal4-scaled.jpg\"><img loading=\"lazy\" decoding=\"async\" class=\"wp-image-1226 aligncenter\" src=\"https:\/\/vergissmeinnicht-bitterfeld.de\/wp-content\/uploads\/2023\/02\/saal4-300x169.jpg\" alt=\"\" width=\"532\" height=\"300\" srcset=\"https:\/\/vergissmeinnicht-bitterfeld.de\/wp-content\/uploads\/2023\/02\/saal4-300x169.jpg 300w, https:\/\/vergissmeinnicht-bitterfeld.de\/wp-content\/uploads\/2023\/02\/saal4-1024x577.jpg 1024w, https:\/\/vergissmeinnicht-bitterfeld.de\/wp-content\/uploads\/2023\/02\/saal4-768x432.jpg 768w, https:\/\/vergissmeinnicht-bitterfeld.de\/wp-content\/uploads\/2023\/02\/saal4-1536x865.jpg 1536w, https:\/\/vergissmeinnicht-bitterfeld.de\/wp-content\/uploads\/2023\/02\/saal4-2048x1153.jpg 2048w\" sizes=\"(max-width: 532px) 100vw, 532px\" \/><\/a><\/p>\n<p>Das \u00a0Vereinshaus ist komplett mit Geschirr, Besteck, Gl\u00e4sern und vieles mehr ausger\u00fcstet. Es gibt eine K\u00fcche mit K\u00fchlschr\u00e4nken, Gefrierschr\u00e4nken, Geschirrsp\u00fclmaschine, Kaffeemaschinen, Mikrowelle und Minibackofen. Wer selber kochen m\u00f6chte, kann dies auch machen, denn ein gro\u00dfer K\u00fcchenherd steht zur Verf\u00fcgung.\u00a0<\/p>\n<p><a href=\"https:\/\/vergissmeinnicht-bitterfeld.de\/wp-content\/uploads\/2023\/02\/kueche1-scaled.jpg\"><img loading=\"lazy\" decoding=\"async\" class=\"wp-image-1227 aligncenter\" src=\"https:\/\/vergissmeinnicht-bitterfeld.de\/wp-content\/uploads\/2023\/02\/kueche1-300x169.jpg\" alt=\"\" width=\"378\" height=\"213\" srcset=\"https:\/\/vergissmeinnicht-bitterfeld.de\/wp-content\/uploads\/2023\/02\/kueche1-300x169.jpg 300w, https:\/\/vergissmeinnicht-bitterfeld.de\/wp-content\/uploads\/2023\/02\/kueche1-1024x577.jpg 1024w, https:\/\/vergissmeinnicht-bitterfeld.de\/wp-content\/uploads\/2023\/02\/kueche1-768x432.jpg 768w, https:\/\/vergissmeinnicht-bitterfeld.de\/wp-content\/uploads\/2023\/02\/kueche1-1536x865.jpg 1536w, https:\/\/vergissmeinnicht-bitterfeld.de\/wp-content\/uploads\/2023\/02\/kueche1-2048x1153.jpg 2048w\" sizes=\"(max-width: 378px) 100vw, 378px\" \/><\/a> <a href=\"https:\/\/vergissmeinnicht-bitterfeld.de\/wp-content\/uploads\/2023\/02\/kueche2-scaled.jpg\"><img loading=\"lazy\" decoding=\"async\" class=\"wp-image-1228 aligncenter\" src=\"https:\/\/vergissmeinnicht-bitterfeld.de\/wp-content\/uploads\/2023\/02\/kueche2-300x169.jpg\" alt=\"\" width=\"378\" height=\"213\" srcset=\"https:\/\/vergissmeinnicht-bitterfeld.de\/wp-content\/uploads\/2023\/02\/kueche2-300x169.jpg 300w, https:\/\/vergissmeinnicht-bitterfeld.de\/wp-content\/uploads\/2023\/02\/kueche2-1024x577.jpg 1024w, https:\/\/vergissmeinnicht-bitterfeld.de\/wp-content\/uploads\/2023\/02\/kueche2-768x432.jpg 768w, https:\/\/vergissmeinnicht-bitterfeld.de\/wp-content\/uploads\/2023\/02\/kueche2-1536x865.jpg 1536w, https:\/\/vergissmeinnicht-bitterfeld.de\/wp-content\/uploads\/2023\/02\/kueche2-2048x1153.jpg 2048w\" sizes=\"(max-width: 378px) 100vw, 378px\" \/><\/a><\/p>\n<p>F\u00fcr eine eventuelle sportliche Bet\u00e4tigung kann auch eine Kegelbahn im Freien genutzt werden, wo man die Kegel noch per Hand aufstellen muss. Das sorgt f\u00fcr viel Spa\u00df bei gro\u00df und klein. Auf unserem Vorplatz stehen zwei Waldschenken, die im Sommer immer gern genutzt werden. Der Spielplatz auf unserer Festwiese ist immer bereit und l\u00e4dt die Kleinen zum Spielen ein.<\/p>\n<p><a href=\"https:\/\/vergissmeinnicht-bitterfeld.de\/wp-content\/uploads\/2023\/02\/kegeln1.jpg\"><img loading=\"lazy\" decoding=\"async\" class=\"size-full wp-image-1230 aligncenter\" src=\"https:\/\/vergissmeinnicht-bitterfeld.de\/wp-content\/uploads\/2023\/02\/kegeln1.jpg\" alt=\"\" width=\"224\" height=\"208\" \/><\/a><\/p>\n<p>F\u00fcr Getr\u00e4nke und Catering muss selber gesorgt werden. Dazu kann mit dem Fahrzeug bis zum Vereinshaus gefahren werden. Bei uns hat man genug Zeit, um die Feier vorzubereiten und zum Aufr\u00e4umen danach. Wenn zum Beispiel die Feier am Sonnabend stattfindet, bekommt man schon den Donnerstag davor den Schl\u00fcssel und gibt ihn am Dienstag wieder ab. Der anfallende M\u00fcll muss selber entsorgt, die Toiletten gereinigt und das Vereinshaus im gewischten Zustand \u00fcbergeben werden. Reinigungsmaterial zum S\u00e4ubern ist nat\u00fcrlich\u00a0 vorhanden.<\/p>\n<p><a href=\"https:\/\/vergissmeinnicht-bitterfeld.de\/wp-content\/uploads\/2023\/02\/weinglas2.jpg\"><img loading=\"lazy\" decoding=\"async\" class=\"size-full wp-image-1231 aligncenter\" src=\"https:\/\/vergissmeinnicht-bitterfeld.de\/wp-content\/uploads\/2023\/02\/weinglas2.jpg\" alt=\"\" width=\"223\" height=\"226\" \/><\/a><\/p>\n<p>Wir k\u00f6nnen dann nur noch viel Spa\u00df w\u00fcnschen.\u00a0<\/p>\n<p><a href=\"https:\/\/vergissmeinnicht-bitterfeld.de\/wp-content\/uploads\/2023\/02\/party-1.jpg\"><img loading=\"lazy\" decoding=\"async\" class=\"size-full wp-image-1232 aligncenter\" src=\"https:\/\/vergissmeinnicht-bitterfeld.de\/wp-content\/uploads\/2023\/02\/party-1.jpg\" alt=\"\" width=\"243\" height=\"207\" \/><\/a><\/p>\n<p><span style=\"font-family: arial, helvetica, sans-serif;\"><strong><span style=\"font-size: 12pt;\">Weitere Ausk\u00fcnfte beim Vorstand unter 03493 41389 oder Email vereinsvorstand@vergissmeinnicht-bitterfeld.de<\/span><\/strong><\/span><\/p>\n\n\n<p><\/p>\n","protected":false},"excerpt":{"rendered":"<p>Wir vermieten unser Vereinshaus f\u00fcr Veranstaltungen mit bis zu 60 Personen. Bei uns kann man eigentlich alles feiern: Geburtstag, Einschulung, Jugendweihe, Konfirmation, Hochzeit und vieles andere mehr. Das \u00a0Vereinshaus ist komplett mit Geschirr, Besteck, Gl\u00e4sern und vieles mehr ausger\u00fcstet. Es gibt eine K\u00fcche mit K\u00fchlschr\u00e4nken, Gefrierschr\u00e4nken, Geschirrsp\u00fclmaschine, Kaffeemaschinen, Mikrowelle und Minibackofen. Wer selber kochen m\u00f6chte, &hellip; <a href=\"https:\/\/vergissmeinnicht-bitterfeld.de\/?page_id=261\" class=\"more-link\"><span class=\"screen-reader-text\">Vereinsgastst\u00e4tte<\/span> weiterlesen <span class=\"meta-nav\">&rarr;<\/span><\/a><\/p>\n","protected":false},"author":1,"featured_media":0,"parent":0,"menu_order":0,"comment_status":"closed","ping_status":"closed","template":"","meta":{"footnotes":""},"_links":{"self":[{"href":"https:\/\/vergissmeinnicht-bitterfeld.de\/index.php?rest_route=\/wp\/v2\/pages\/261"}],"collection":[{"href":"https:\/\/vergissmeinnicht-bitterfeld.de\/index.php?rest_route=\/wp\/v2\/pages"}],"about":[{"href":"https:\/\/vergissmeinnicht-bitterfeld.de\/index.php?rest_route=\/wp\/v2\/types\/page"}],"author":[{"embeddable":true,"href":"https:\/\/vergissmeinnicht-bitterfeld.de\/index.php?rest_route=\/wp\/v2\/users\/1"}],"replies":[{"embeddable":true,"href":"https:\/\/vergissmeinnicht-bitterfeld.de\/index.php?rest_route=%2Fwp%2Fv2%2Fcomments&post=261"}],"version-history":[{"count":18,"href":"https:\/\/vergissmeinnicht-bitterfeld.de\/index.php?rest_route=\/wp\/v2\/pages\/261\/revisions"}],"predecessor-version":[{"id":1922,"href":"https:\/\/vergissmeinnicht-bitterfeld.de\/index.php?rest_route=\/wp\/v2\/pages\/261\/revisions\/1922"}],"wp:attachment":[{"href":"https:\/\/vergissmeinnicht-bitterfeld.de\/index.php?rest_route=%2Fwp%2Fv2%2Fmedia&parent=261"}],"curies":[{"name":"wp","href":"https:\/\/api.w.org\/{rel}","templated":true}]}}